{"id":11,"date":"2026-08-30T14:43:59","date_gmt":"2026-08-30T14:43:59","guid":{"rendered":"https:\/\/hairbynature.dk\/?page_id=11"},"modified":"2026-08-31T07:55:38","modified_gmt":"2026-08-31T07:55:38","slug":"forside","status":"publish","type":"page","link":"https:\/\/hairbynature.dk\/","title":{"rendered":"Forside"},"content":{"rendered":"<section class=\"knd-section knd-site-intro knd-theme-light\"><div class=\"knd-container\"><h2 class=\"knd-section-title\">FED LOCATION P\u00c5 HAVNEN<\/h2><span class=\"knd-divider\" aria-hidden=\"true\"><\/span><p class=\"knd-location\"><a href=\"https:\/\/www.google.com\/maps\/search\/?api=1&#038;query=Strandgade%201%2C%204000%20Roskilde\" target=\"_blank\" rel=\"noopener noreferrer\">Strandgade No 1<\/a><\/p><div class=\"knd-contact-links\"><a class=\"knd-contact-phone\" href=\"tel:25707261\" data-knd-event=\"phone_click\"><svg viewBox=\"0 0 24 24\" aria-hidden=\"true\"><path fill=\"currentColor\" d=\"M6.6 10.8a15.7 15.7 0 0 0 6.6 6.6l2.2-2.2c.3-.3.7-.4 1.1-.2 1.2.4 2.5.6 3.8.6.6 0 1 .4 1 1V20c0 .6-.4 1-1 1C10.8 21 3 13.2 3 3.7c0-.6.4-1 1-1h3.5c.6 0 1 .4 1 1 0 1.3.2 2.6.6 3.8.1.4 0 .8-.2 1.1l-2.3 2.2Z\"\/><\/svg><span>25 70 72 61<\/span><\/a><\/div><\/div><\/section>\n\n\n<div class=\"wp-block-group knd-native-hero is-layout-constrained wp-block-group-is-layout-constrained\">\n<div class=\"wp-block-group knd-native-hero__images is-layout-flow wp-block-group-is-layout-flow\">\n<figure class=\"wp-block-image size-large size-full wp-image-15 knd-native-hero__main\"><img loading=\"lazy\" decoding=\"async\" width=\"768\" height=\"1024\" src=\"https:\/\/hairbynature.dk\/wp-content\/uploads\/2026\/08\/IMG_5741-768x1024.webp\" alt=\"Hair by Natures facade ved havnen\" class=\"wp-image-59\" srcset=\"https:\/\/hairbynature.dk\/wp-content\/uploads\/2026\/08\/IMG_5741-768x1024.webp 768w, https:\/\/hairbynature.dk\/wp-content\/uploads\/2026\/08\/IMG_5741-225x300.webp 225w, https:\/\/hairbynature.dk\/wp-content\/uploads\/2026\/08\/IMG_5741-1152x1536.webp 1152w, https:\/\/hairbynature.dk\/wp-content\/uploads\/2026\/08\/IMG_5741.webp 1350w\" sizes=\"auto, (max-width: 768px) 100vw, 768px\" \/><\/figure>\n\n\n\n<figure class=\"wp-block-image size-full wp-image-58 knd-native-hero__top\"><img loading=\"lazy\" decoding=\"async\" width=\"768\" height=\"1024\" src=\"https:\/\/hairbynature.dk\/wp-content\/uploads\/2026\/08\/IMG_5737-768x1024.webp\" alt=\"Hair by Nature-salonen\" class=\"wp-image-58\" srcset=\"https:\/\/hairbynature.dk\/wp-content\/uploads\/2026\/08\/IMG_5737-768x1024.webp 768w, https:\/\/hairbynature.dk\/wp-content\/uploads\/2026\/08\/IMG_5737-225x300.webp 225w, https:\/\/hairbynature.dk\/wp-content\/uploads\/2026\/08\/IMG_5737-1152x1536.webp 1152w, https:\/\/hairbynature.dk\/wp-content\/uploads\/2026\/08\/IMG_5737.webp 1350w\" sizes=\"auto, (max-width: 768px) 100vw, 768px\" \/><\/figure>\n\n\n\n<figure class=\"wp-block-image size-full wp-image-67 knd-native-hero__bottom\"><img loading=\"lazy\" decoding=\"async\" width=\"768\" height=\"1024\" src=\"https:\/\/hairbynature.dk\/wp-content\/uploads\/2026\/08\/IMG_5747-768x1024.webp\" alt=\"Hair by Nature-salonen\" class=\"wp-image-67\" srcset=\"https:\/\/hairbynature.dk\/wp-content\/uploads\/2026\/08\/IMG_5747-768x1024.webp 768w, https:\/\/hairbynature.dk\/wp-content\/uploads\/2026\/08\/IMG_5747-225x300.webp 225w, https:\/\/hairbynature.dk\/wp-content\/uploads\/2026\/08\/IMG_5747-1152x1536.webp 1152w, https:\/\/hairbynature.dk\/wp-content\/uploads\/2026\/08\/IMG_5747.webp 1350w\" sizes=\"auto, (max-width: 768px) 100vw, 768px\" \/><\/figure>\n<\/div>\n\n\n\n<div class=\"wp-block-group knd-native-aveda is-layout-flow wp-block-group-is-layout-flow\">\n<figure class=\"wp-block-image size-full wp-image-16 knd-native-aveda__owners\"><img loading=\"lazy\" decoding=\"async\" width=\"430\" height=\"533\" src=\"https:\/\/hairbynature.dk\/wp-content\/uploads\/2026\/08\/hair-by-nature-indehavere.webp\" alt=\"Lene og J\u00f8rgen, indehavere af Hair by Nature\" class=\"wp-image-16\" srcset=\"https:\/\/hairbynature.dk\/wp-content\/uploads\/2026\/08\/hair-by-nature-indehavere.webp 430w, https:\/\/hairbynature.dk\/wp-content\/uploads\/2026\/08\/hair-by-nature-indehavere-242x300.webp 242w\" sizes=\"auto, (max-width: 430px) 100vw, 430px\" \/><\/figure>\n\n\n\n<div class=\"wp-block-group knd-native-aveda__content is-layout-flow wp-block-group-is-layout-flow\">\n<h2 class=\"wp-block-heading\">VI ER STOLTE AF AT V\u00c6RE UDVALGT AVEDA-SALON<\/h2>\n\n\n\n<p class=\"wp-block-paragraph\">Aveda har i mere end 30 \u00e5r udviklet h\u00e5rplejeprodukter udelukkende fra naturlige plante- og blomsterekstrakter for at tilbyde dig et organisk og genopbyggende produkt.<\/p>\n\n\n\n<p class=\"wp-block-paragraph\">Den bedste pleje med unikke formularer til t\u00f8rt, \u00f8delagt og farvet h\u00e5r g\u00f8r, at du aldrig vil have en d\u00e5rlig h\u00e5rdag igen.<\/p>\n<\/div>\n\n\n\n<figure class=\"wp-block-image size-full wp-image-14 knd-native-aveda__products\"><img loading=\"lazy\" decoding=\"async\" width=\"300\" height=\"400\" src=\"https:\/\/hairbynature.dk\/wp-content\/uploads\/2026\/08\/hair-by-nature-aveda.webp\" alt=\"AVEDA-produkter\" class=\"wp-image-14\" srcset=\"https:\/\/hairbynature.dk\/wp-content\/uploads\/2026\/08\/hair-by-nature-aveda.webp 300w, https:\/\/hairbynature.dk\/wp-content\/uploads\/2026\/08\/hair-by-nature-aveda-225x300.webp 225w\" sizes=\"auto, (max-width: 300px) 100vw, 300px\" \/><\/figure>\n<\/div>\n\n\n<section class=\"knd-section knd-opening-hours\"><h2 class=\"knd-section-title\">\u00c5BNINGSTIDER<\/h2><span class=\"knd-divider\" aria-hidden=\"true\"><\/span><ul class=\"knd-hours\"><li><span class=\"knd-hours__day\">Mandag<\/span><span class=\"knd-hours__time\">Lukket<\/span><\/li><li><span class=\"knd-hours__day\">Tirsdag<\/span><span class=\"knd-hours__time\">9.00\u201317.30<\/span><\/li><li><span class=\"knd-hours__day\">Onsdag<\/span><span class=\"knd-hours__time\">9.00\u201317.30<\/span><\/li><li><span class=\"knd-hours__day\">Torsdag<\/span><span class=\"knd-hours__time\">9.00\u201317.30<\/span><\/li><li><span class=\"knd-hours__day\">Fredag<\/span><span class=\"knd-hours__time\">9.00\u201318.00<\/span><\/li><li><span class=\"knd-hours__day\">L\u00f8rdag<\/span><span class=\"knd-hours__time\">8.00\u201314.00<\/span><\/li><\/ul><div class=\"knd-opening-hours__booking\"><a class=\"knd-booking-link knd-booking-link--default\" href=\"http:\/\/www.jegvilbestilletid.dk\/hairbynature\" target=\"_blank\" rel=\"noopener noreferrer\" data-knd-event=\"booking_click\">BOOK NOW <span aria-hidden=\"true\">\u2192<\/span><\/a><\/div><\/section><\/div>\n\n\n\n<div class=\"wp-block-group knd-native-editorial is-layout-constrained wp-block-group-is-layout-constrained\">\n<div class=\"wp-block-group knd-native-editorial__layout is-layout-flow wp-block-group-is-layout-flow\">\n<figure class=\"wp-block-image size-full knd-native-editorial__image\"><img decoding=\"async\" src=\"https:\/\/hairbynature.dk\/wp-content\/plugins\/kndev-site-hairbynature\/assets\/images\/site\/salon-indefra.webp\" alt=\"Lene og J\u00f8rgen i Hair by Nature-salonen\"\/><\/figure>\n\n\n\n<div class=\"wp-block-group knd-native-editorial__content is-layout-flow wp-block-group-is-layout-flow\">\n<h2 class=\"wp-block-heading\">VELKOMMEN TIL VORES GR\u00d8NNE UNIVERS<\/h2>\n\n\n\n<p class=\"wp-block-paragraph\">Lene Danskov og hendes team af top-fris\u00f8rer vil g\u00f8re deres ypperste for at g\u00f8re alle dage til din h\u00e5rdag.<\/p>\n\n\n\n<p class=\"wp-block-paragraph\">Vores m\u00e5l er at give dig tid til den perfekte klipning, som passer netop til dit h\u00e5r og din ansigtsform. Der bliver afsat minimum en time til din klipning.<\/p>\n\n\n\n<p class=\"wp-block-paragraph\">Alle fris\u00f8rer har 4-\u00e5rig uddannelse med overbygning af de krav, der stilles til uddannelse i gr\u00f8n salon. Flere gange om \u00e5ret opdateres vores fris\u00f8rer p\u00e5 bedste skole i verden \u2013 Vidal Sassoon i London.<\/p>\n\n\n\n<p class=\"wp-block-paragraph\">Vi arbejder hele tiden for bedre kemi i salonen. Farver uden PPD, ammoniak og parabener, ligesom alle vores produkter til hud, h\u00e5r og make-up, er uden giftig kemi. Men selv om det er \u00f8kologisk, beh\u00f8ver det ikke v\u00e6re fodformet, derfor kalder vi det \u201cHelseh\u00e5r p\u00e5 h\u00f8je h\u00e6le\u201d.<\/p>\n\n\n\n<p class=\"wp-block-paragraph\">Siden \u00e5r 2013 har vi udvidet sortimentet. PASSION for FASHION \u2013 vi br\u00e6nder for alt indenfor mode. Derfor butikken LIVING BY NATURE, som forhandler de fedeste brands i T\u00d8J \u2013 TASKER \u2013 SKO \u2013 og SMYKKER. I butikken, som ligger i forl\u00e6ngelse af salonen, finder du varer, som ikke forhandles andre steder i Roskilde.<\/p>\n\n\n\n<p class=\"wp-block-paragraph\">Alt i bedste rene materialer, cashmere, silke, lamauld og \u00f8kologisk bomuld. Alt produceres med fokus p\u00e5 etik, dyrevelf\u00e6rd og fairtrade. BE AN INDIVIDUAL \u2013 bes\u00f8g Living By Nature.<\/p>\n<\/div>\n<\/div>\n<\/div>\n\n\n<section id=\"priser\" class=\"knd-section knd-hours-prices knd-price-list-section knd-theme-surface\"><div class=\"knd-container\"><h2 class=\"knd-section-title\">PRISER<\/h2><span class=\"knd-divider\" aria-hidden=\"true\"><\/span><div class=\"knd-price-list\"><div class=\"knd-price-row\"><span class=\"knd-price-row__service\">Klip og f\u00f8n \u2013 dame<\/span><span class=\"knd-price-row__price\">900 kr.<\/span><\/div><div class=\"knd-price-row\"><span class=\"knd-price-row__service\">Junior pige \u2013 klip og f\u00f8n, 12\u201318 \u00e5r<\/span><span class=\"knd-price-row__price\">850 kr.<\/span><\/div><div class=\"knd-price-row\"><span class=\"knd-price-row__service\">Herreklip<\/span><span class=\"knd-price-row__price\">770 kr.<\/span><\/div><div class=\"knd-price-row\"><span class=\"knd-price-row__service\">Sk\u00e6gklip\/barbering<\/span><span class=\"knd-price-row__price\">300 kr.<\/span><\/div><div class=\"knd-price-row\"><span class=\"knd-price-row__service\">Junior herreklip, 12\u201318 \u00e5r<\/span><span class=\"knd-price-row__price\">700 kr.<\/span><\/div><div class=\"knd-price-row\"><span class=\"knd-price-row__service\">B\u00f8rneklip<\/span><span class=\"knd-price-row__price\">620 kr.<\/span><\/div><div class=\"knd-price-row\"><span class=\"knd-price-row__service\">Helfarve med naturfarve<\/span><span class=\"knd-price-row__price\">950\u20131.500 kr.<\/span><\/div><div class=\"knd-price-row\"><span class=\"knd-price-row__service\">Reflekser\/striber \u2013 kort h\u00e5r<\/span><span class=\"knd-price-row__price\">1.090\u20131.300 kr.<\/span><\/div><div class=\"knd-price-row\"><span class=\"knd-price-row__service\">Reflekser\/striber \u2013 langt h\u00e5r<\/span><span class=\"knd-price-row__price\">1.900\u20132.500 kr.<\/span><\/div><div class=\"knd-price-row\"><span class=\"knd-price-row__service\">Kombination af striber og farve<\/span><span class=\"knd-price-row__price\">1.520\u20132.850 kr.<\/span><\/div><div class=\"knd-price-row\"><span class=\"knd-price-row__service\">Langth\u00e5rsops\u00e6tning<\/span><span class=\"knd-price-row__price\">1.500\u20132.300 kr.<\/span><\/div><div class=\"knd-price-row\"><span class=\"knd-price-row__service\">Brudepakke med det hele<\/span><span class=\"knd-price-row__price\">2.700\u20133.800 kr.<\/span><\/div><div class=\"knd-price-row\"><span class=\"knd-price-row__service\">Make-up solo<\/span><span class=\"knd-price-row__price\">750 kr.<\/span><\/div><\/div><p class=\"knd-note\">Behandling og pris p\u00e5 farve er altid individuel p\u00e5 grund af tids- og materialeforbrug. Aftal altid opgave og pris med din fris\u00f8r.<\/p><div class=\"knd-hours-prices__booking\"><a class=\"knd-booking-link knd-booking-link--default\" href=\"http:\/\/www.jegvilbestilletid.dk\/hairbynature\" target=\"_blank\" rel=\"noopener noreferrer\" data-knd-event=\"booking_click\">BOOK NOW <span aria-hidden=\"true\">\u2192<\/span><\/a><\/div><\/div><\/section>\n\n\n<div id=\"om\" class=\"wp-block-group knd-native-team is-layout-constrained wp-block-group-is-layout-constrained\">\n<h2 class=\"wp-block-heading has-text-align-center\">HVEM ER VI?<\/h2>\n\n\n\n<div class=\"wp-block-group knd-native-team__grid is-layout-flow wp-block-group-is-layout-flow\">\n<div class=\"wp-block-group knd-native-team-card is-layout-flow wp-block-group-is-layout-flow\">\n<figure class=\"wp-block-image size-full\"><img decoding=\"async\" src=\"https:\/\/hairbynature.dk\/wp-content\/plugins\/kndev-site-hairbynature\/assets\/images\/team\/lene.webp\" alt=\"Lene fra Hair by Nature\"\/><\/figure>\n\n\n\n<h3 class=\"wp-block-heading\">Lene<\/h3>\n\n\n\n<p class=\"knd-native-team-card__role wp-block-paragraph\">Indehaver af Hair by Nature<\/p>\n\n\n\n<p class=\"wp-block-paragraph\">Lene er uddannet fris\u00f8r, stylist, milj\u00f8konsulent og holistisk fris\u00f8r. Lene har mere end 20 \u00e5rs erfaring som fris\u00f8r. Hun underviser i b\u00e5de ind- og udland og henter ny inspiration p\u00e5 kurser i London og Paris.<\/p>\n<\/div>\n\n\n\n<div class=\"wp-block-group knd-native-team-card is-layout-flow wp-block-group-is-layout-flow\">\n<figure class=\"wp-block-image size-full\"><img decoding=\"async\" src=\"https:\/\/hairbynature.dk\/wp-content\/plugins\/kndev-site-hairbynature\/assets\/images\/team\/jorgen.webp\" alt=\"J\u00f8rgen fra Hair by Nature\"\/><\/figure>\n\n\n\n<h3 class=\"wp-block-heading\">J\u00f8rgen<\/h3>\n\n\n\n<p class=\"knd-native-team-card__role wp-block-paragraph\">Fris\u00f8r, milj\u00f8konsulent og medindehaver<\/p>\n\n\n\n<p class=\"wp-block-paragraph\">Superklipperen og stylist. Ansat mere end 20 \u00e5r.<\/p>\n<\/div>\n\n\n\n<div class=\"wp-block-group knd-native-team-card is-layout-flow wp-block-group-is-layout-flow\">\n<figure class=\"wp-block-image size-full\"><img decoding=\"async\" src=\"https:\/\/hairbynature.dk\/wp-content\/plugins\/kndev-site-hairbynature\/assets\/images\/team\/isabell.webp\" alt=\"Isabell fra Hair by Nature\"\/><\/figure>\n\n\n\n<h3 class=\"wp-block-heading\">Isabell<\/h3>\n\n\n\n<p class=\"knd-native-team-card__role wp-block-paragraph\">Fris\u00f8r<\/p>\n\n\n\n<p class=\"wp-block-paragraph\">Dygtig fris\u00f8r i Hair by Nature. Kommer fra fire \u00e5r i London \u2013 nu i Roskilde.<\/p>\n<\/div>\n\n\n\n<div class=\"wp-block-group knd-native-team-card is-layout-flow wp-block-group-is-layout-flow\">\n<figure class=\"wp-block-image size-full\"><img decoding=\"async\" src=\"https:\/\/hairbynature.dk\/wp-content\/plugins\/kndev-site-hairbynature\/assets\/images\/team\/nanna.webp\" alt=\"Nanna fra Hair by Nature\"\/><\/figure>\n\n\n\n<h3 class=\"wp-block-heading\">Nanna<\/h3>\n\n\n\n<p class=\"knd-native-team-card__role wp-block-paragraph\">Gr\u00f8n fris\u00f8r<\/p>\n\n\n\n<p class=\"wp-block-paragraph\">Nanna har opn\u00e5et et meget h\u00f8jt fagligt niveau, hvorfor vi er glade for fortsat fast ans\u00e6ttelse i Hair by Nature.<\/p>\n<\/div>\n\n\n\n<div class=\"wp-block-group knd-native-team-card is-layout-flow wp-block-group-is-layout-flow\">\n<figure class=\"wp-block-image size-full\"><img decoding=\"async\" src=\"https:\/\/hairbynature.dk\/wp-content\/plugins\/kndev-site-hairbynature\/assets\/images\/team\/hannah.webp\" alt=\"Hannah fra Hair by Nature\"\/><\/figure>\n\n\n\n<h3 class=\"wp-block-heading\">Hannah<\/h3>\n\n\n\n<p class=\"knd-native-team-card__role wp-block-paragraph\">Fris\u00f8r<\/p>\n\n\n\n<p class=\"wp-block-paragraph\">Vi vil k\u00e6mpe for at give Hannah Danmarks bedste gr\u00f8nne fris\u00f8ruddannelse.<\/p>\n<\/div>\n<\/div>\n<\/div>\n\n\n\n<div id=\"galleri\" class=\"wp-block-group knd-native-gallery-section is-layout-constrained wp-block-group-is-layout-constrained\">\n<h2 class=\"wp-block-heading has-text-align-center\">GALLERI<\/h2>\n\n\n\n<figure class=\"wp-block-gallery has-nested-images columns-default is-cropped knd-native-gallery wp-block-gallery-1 is-layout-flex wp-block-gallery-is-layout-flex\">\n<figure class=\"wp-block-image size-full wp-image-58\"><img loading=\"lazy\" decoding=\"async\" width=\"768\" height=\"1024\" data-id=\"58\" src=\"https:\/\/hairbynature.dk\/wp-content\/uploads\/2026\/08\/IMG_5737-768x1024.webp\" alt=\"Hair by Nature-salonen i brug\" class=\"wp-image-58\" srcset=\"https:\/\/hairbynature.dk\/wp-content\/uploads\/2026\/08\/IMG_5737-768x1024.webp 768w, https:\/\/hairbynature.dk\/wp-content\/uploads\/2026\/08\/IMG_5737-225x300.webp 225w, https:\/\/hairbynature.dk\/wp-content\/uploads\/2026\/08\/IMG_5737-1152x1536.webp 1152w, https:\/\/hairbynature.dk\/wp-content\/uploads\/2026\/08\/IMG_5737.webp 1350w\" sizes=\"auto, (max-width: 768px) 100vw, 768px\" \/><\/figure>\n\n\n\n<figure class=\"wp-block-image size-full wp-image-59\"><img loading=\"lazy\" decoding=\"async\" width=\"768\" height=\"1024\" data-id=\"59\" src=\"https:\/\/hairbynature.dk\/wp-content\/uploads\/2026\/08\/IMG_5741-768x1024.webp\" alt=\"Hair by Natures facade ved havnen\" class=\"wp-image-59\" srcset=\"https:\/\/hairbynature.dk\/wp-content\/uploads\/2026\/08\/IMG_5741-768x1024.webp 768w, https:\/\/hairbynature.dk\/wp-content\/uploads\/2026\/08\/IMG_5741-225x300.webp 225w, https:\/\/hairbynature.dk\/wp-content\/uploads\/2026\/08\/IMG_5741-1152x1536.webp 1152w, https:\/\/hairbynature.dk\/wp-content\/uploads\/2026\/08\/IMG_5741.webp 1350w\" sizes=\"auto, (max-width: 768px) 100vw, 768px\" \/><\/figure>\n\n\n\n<figure class=\"wp-block-image size-full wp-image-60\"><img loading=\"lazy\" decoding=\"async\" width=\"726\" height=\"1024\" data-id=\"60\" src=\"https:\/\/hairbynature.dk\/wp-content\/uploads\/2026\/08\/FullSizeRender-726x1024.webp\" alt=\"Reception og produkter i Hair by Nature\" class=\"wp-image-60\" srcset=\"https:\/\/hairbynature.dk\/wp-content\/uploads\/2026\/08\/FullSizeRender-726x1024.webp 726w, https:\/\/hairbynature.dk\/wp-content\/uploads\/2026\/08\/FullSizeRender-213x300.webp 213w, https:\/\/hairbynature.dk\/wp-content\/uploads\/2026\/08\/FullSizeRender-768x1083.webp 768w, https:\/\/hairbynature.dk\/wp-content\/uploads\/2026\/08\/FullSizeRender-1090x1536.webp 1090w, https:\/\/hairbynature.dk\/wp-content\/uploads\/2026\/08\/FullSizeRender.webp 1277w\" sizes=\"auto, (max-width: 726px) 100vw, 726px\" \/><\/figure>\n\n\n\n<figure class=\"wp-block-image size-full wp-image-61\"><img loading=\"lazy\" decoding=\"async\" width=\"768\" height=\"1024\" data-id=\"61\" src=\"https:\/\/hairbynature.dk\/wp-content\/uploads\/2026\/08\/IMG_5734-768x1024.webp\" alt=\"Arbejdsstation og produkter i Hair by Nature\" class=\"wp-image-61\" srcset=\"https:\/\/hairbynature.dk\/wp-content\/uploads\/2026\/08\/IMG_5734-768x1024.webp 768w, https:\/\/hairbynature.dk\/wp-content\/uploads\/2026\/08\/IMG_5734-225x300.webp 225w, https:\/\/hairbynature.dk\/wp-content\/uploads\/2026\/08\/IMG_5734-1152x1536.webp 1152w, https:\/\/hairbynature.dk\/wp-content\/uploads\/2026\/08\/IMG_5734.webp 1350w\" sizes=\"auto, (max-width: 768px) 100vw, 768px\" \/><\/figure>\n\n\n\n<figure class=\"wp-block-image size-full wp-image-62\"><img loading=\"lazy\" decoding=\"async\" width=\"768\" height=\"1024\" data-id=\"62\" src=\"https:\/\/hairbynature.dk\/wp-content\/uploads\/2026\/08\/IMG_5738-768x1024.webp\" alt=\"Arbejde i Hair by Nature-salonen\" class=\"wp-image-62\" srcset=\"https:\/\/hairbynature.dk\/wp-content\/uploads\/2026\/08\/IMG_5738-768x1024.webp 768w, https:\/\/hairbynature.dk\/wp-content\/uploads\/2026\/08\/IMG_5738-225x300.webp 225w, https:\/\/hairbynature.dk\/wp-content\/uploads\/2026\/08\/IMG_5738-1152x1536.webp 1152w, https:\/\/hairbynature.dk\/wp-content\/uploads\/2026\/08\/IMG_5738.webp 1350w\" sizes=\"auto, (max-width: 768px) 100vw, 768px\" \/><\/figure>\n\n\n\n<figure class=\"wp-block-image size-full wp-image-63\"><img loading=\"lazy\" decoding=\"async\" width=\"768\" height=\"1024\" data-id=\"63\" src=\"https:\/\/hairbynature.dk\/wp-content\/uploads\/2026\/08\/IMG_5742-768x1024.webp\" alt=\"Hair by Nature ved havnen i Roskilde\" class=\"wp-image-63\" srcset=\"https:\/\/hairbynature.dk\/wp-content\/uploads\/2026\/08\/IMG_5742-768x1024.webp 768w, https:\/\/hairbynature.dk\/wp-content\/uploads\/2026\/08\/IMG_5742-225x300.webp 225w, https:\/\/hairbynature.dk\/wp-content\/uploads\/2026\/08\/IMG_5742-1152x1536.webp 1152w, https:\/\/hairbynature.dk\/wp-content\/uploads\/2026\/08\/IMG_5742.webp 1350w\" sizes=\"auto, (max-width: 768px) 100vw, 768px\" \/><\/figure>\n\n\n\n<figure class=\"wp-block-image size-full wp-image-64\"><img loading=\"lazy\" decoding=\"async\" width=\"768\" height=\"1024\" data-id=\"64\" src=\"https:\/\/hairbynature.dk\/wp-content\/uploads\/2026\/08\/IMG_5744-768x1024.webp\" alt=\"Salonens indretning og gr\u00f8nne planter\" class=\"wp-image-64\" srcset=\"https:\/\/hairbynature.dk\/wp-content\/uploads\/2026\/08\/IMG_5744-768x1024.webp 768w, https:\/\/hairbynature.dk\/wp-content\/uploads\/2026\/08\/IMG_5744-225x300.webp 225w, https:\/\/hairbynature.dk\/wp-content\/uploads\/2026\/08\/IMG_5744-1152x1536.webp 1152w, https:\/\/hairbynature.dk\/wp-content\/uploads\/2026\/08\/IMG_5744.webp 1350w\" sizes=\"auto, (max-width: 768px) 100vw, 768px\" \/><\/figure>\n\n\n\n<figure class=\"wp-block-image size-full wp-image-65\"><img loading=\"lazy\" decoding=\"async\" width=\"768\" height=\"1024\" data-id=\"65\" src=\"https:\/\/hairbynature.dk\/wp-content\/uploads\/2026\/08\/IMG_5745-768x1024.webp\" alt=\"Produkter udstillet i salonen\" class=\"wp-image-65\" srcset=\"https:\/\/hairbynature.dk\/wp-content\/uploads\/2026\/08\/IMG_5745-768x1024.webp 768w, https:\/\/hairbynature.dk\/wp-content\/uploads\/2026\/08\/IMG_5745-225x300.webp 225w, https:\/\/hairbynature.dk\/wp-content\/uploads\/2026\/08\/IMG_5745-1152x1536.webp 1152w, https:\/\/hairbynature.dk\/wp-content\/uploads\/2026\/08\/IMG_5745.webp 1350w\" sizes=\"auto, (max-width: 768px) 100vw, 768px\" \/><\/figure>\n\n\n\n<figure class=\"wp-block-image size-full wp-image-66\"><img loading=\"lazy\" decoding=\"async\" width=\"768\" height=\"1024\" data-id=\"66\" src=\"https:\/\/hairbynature.dk\/wp-content\/uploads\/2026\/08\/IMG_5746-768x1024.webp\" alt=\"Billedv\u00e6g i Hair by Nature\" class=\"wp-image-66\" srcset=\"https:\/\/hairbynature.dk\/wp-content\/uploads\/2026\/08\/IMG_5746-768x1024.webp 768w, https:\/\/hairbynature.dk\/wp-content\/uploads\/2026\/08\/IMG_5746-225x300.webp 225w, https:\/\/hairbynature.dk\/wp-content\/uploads\/2026\/08\/IMG_5746-1152x1536.webp 1152w, https:\/\/hairbynature.dk\/wp-content\/uploads\/2026\/08\/IMG_5746.webp 1350w\" sizes=\"auto, (max-width: 768px) 100vw, 768px\" \/><\/figure>\n\n\n\n<figure class=\"wp-block-image size-full wp-image-67\"><img loading=\"lazy\" decoding=\"async\" width=\"768\" height=\"1024\" data-id=\"67\" src=\"https:\/\/hairbynature.dk\/wp-content\/uploads\/2026\/08\/IMG_5747-768x1024.webp\" alt=\"Butiksomr\u00e5de i Hair by Nature\" class=\"wp-image-67\" srcset=\"https:\/\/hairbynature.dk\/wp-content\/uploads\/2026\/08\/IMG_5747-768x1024.webp 768w, https:\/\/hairbynature.dk\/wp-content\/uploads\/2026\/08\/IMG_5747-225x300.webp 225w, https:\/\/hairbynature.dk\/wp-content\/uploads\/2026\/08\/IMG_5747-1152x1536.webp 1152w, https:\/\/hairbynature.dk\/wp-content\/uploads\/2026\/08\/IMG_5747.webp 1350w\" sizes=\"auto, (max-width: 768px) 100vw, 768px\" \/><\/figure>\n\n\n\n<figure class=\"wp-block-image size-full wp-image-68\"><img loading=\"lazy\" decoding=\"async\" width=\"768\" height=\"1024\" data-id=\"68\" src=\"https:\/\/hairbynature.dk\/wp-content\/uploads\/2026\/08\/IMG_5748-768x1024.webp\" alt=\"Living by Nature-omr\u00e5det\" class=\"wp-image-68\" srcset=\"https:\/\/hairbynature.dk\/wp-content\/uploads\/2026\/08\/IMG_5748-768x1024.webp 768w, https:\/\/hairbynature.dk\/wp-content\/uploads\/2026\/08\/IMG_5748-225x300.webp 225w, https:\/\/hairbynature.dk\/wp-content\/uploads\/2026\/08\/IMG_5748-1152x1536.webp 1152w, https:\/\/hairbynature.dk\/wp-content\/uploads\/2026\/08\/IMG_5748.webp 1350w\" sizes=\"auto, (max-width: 768px) 100vw, 768px\" \/><\/figure>\n\n\n\n<figure class=\"wp-block-image size-full wp-image-69\"><img loading=\"lazy\" decoding=\"async\" width=\"768\" height=\"1024\" data-id=\"69\" src=\"https:\/\/hairbynature.dk\/wp-content\/uploads\/2026\/08\/IMG_5749-768x1024.webp\" alt=\"T\u00f8j og accessories hos Living by Nature\" class=\"wp-image-69\" srcset=\"https:\/\/hairbynature.dk\/wp-content\/uploads\/2026\/08\/IMG_5749-768x1024.webp 768w, https:\/\/hairbynature.dk\/wp-content\/uploads\/2026\/08\/IMG_5749-225x300.webp 225w, https:\/\/hairbynature.dk\/wp-content\/uploads\/2026\/08\/IMG_5749-1152x1536.webp 1152w, https:\/\/hairbynature.dk\/wp-content\/uploads\/2026\/08\/IMG_5749.webp 1350w\" sizes=\"auto, (max-width: 768px) 100vw, 768px\" \/><\/figure>\n\n\n\n<figure class=\"wp-block-image size-full wp-image-70\"><img loading=\"lazy\" decoding=\"async\" width=\"768\" height=\"1024\" data-id=\"70\" src=\"https:\/\/hairbynature.dk\/wp-content\/uploads\/2026\/08\/IMG_5750-768x1024.webp\" alt=\"Pr\u00f8verum og t\u00f8j i Living by Nature\" class=\"wp-image-70\" srcset=\"https:\/\/hairbynature.dk\/wp-content\/uploads\/2026\/08\/IMG_5750-768x1024.webp 768w, https:\/\/hairbynature.dk\/wp-content\/uploads\/2026\/08\/IMG_5750-225x300.webp 225w, https:\/\/hairbynature.dk\/wp-content\/uploads\/2026\/08\/IMG_5750-1152x1536.webp 1152w, https:\/\/hairbynature.dk\/wp-content\/uploads\/2026\/08\/IMG_5750.webp 1350w\" sizes=\"auto, (max-width: 768px) 100vw, 768px\" \/><\/figure>\n\n\n\n<figure class=\"wp-block-image size-full wp-image-71\"><img loading=\"lazy\" decoding=\"async\" width=\"1024\" height=\"768\" data-id=\"71\" src=\"https:\/\/hairbynature.dk\/wp-content\/uploads\/2026\/08\/IMG_5751-1024x768.webp\" alt=\"AVEDA-produkter i Hair by Nature\" class=\"wp-image-71\" srcset=\"https:\/\/hairbynature.dk\/wp-content\/uploads\/2026\/08\/IMG_5751-1024x768.webp 1024w, https:\/\/hairbynature.dk\/wp-content\/uploads\/2026\/08\/IMG_5751-300x225.webp 300w, https:\/\/hairbynature.dk\/wp-content\/uploads\/2026\/08\/IMG_5751-768x576.webp 768w, https:\/\/hairbynature.dk\/wp-content\/uploads\/2026\/08\/IMG_5751-1536x1152.webp 1536w, https:\/\/hairbynature.dk\/wp-content\/uploads\/2026\/08\/IMG_5751.webp 1800w\" sizes=\"auto, (max-width: 1024px) 100vw, 1024px\" \/><\/figure>\n<\/figure>\n<\/div>\n","protected":false},"excerpt":{"rendered":"<p>VI ER STOLTE AF AT V\u00c6RE UDVALGT AVEDA-SALON Aveda har i mere end 30 \u00e5r udviklet h\u00e5rplejeprodukter udelukkende fra naturlige plante- og blomsterekstrakter for at tilbyde dig et organisk og genopbyggende produkt. Den bedste pleje med unikke formularer til t\u00f8rt, \u00f8delagt og farvet h\u00e5r g\u00f8r, at du aldrig vil have en d\u00e5rlig h\u00e5rdag igen. VELKOMMEN [&hellip;]<\/p>\n","protected":false},"author":1,"featured_media":0,"parent":0,"menu_order":0,"comment_status":"closed","ping_status":"closed","template":"","meta":{"footnotes":""},"class_list":["post-11","page","type-page","status-publish","hentry"],"_links":{"self":[{"href":"https:\/\/hairbynature.dk\/index.php?rest_route=\/wp\/v2\/pages\/11","targetHints":{"allow":["GET"]}}],"collection":[{"href":"https:\/\/hairbynature.dk\/index.php?rest_route=\/wp\/v2\/pages"}],"about":[{"href":"https:\/\/hairbynature.dk\/index.php?rest_route=\/wp\/v2\/types\/page"}],"author":[{"embeddable":true,"href":"https:\/\/hairbynature.dk\/index.php?rest_route=\/wp\/v2\/users\/1"}],"replies":[{"embeddable":true,"href":"https:\/\/hairbynature.dk\/index.php?rest_route=%2Fwp%2Fv2%2Fcomments&post=11"}],"version-history":[{"count":28,"href":"https:\/\/hairbynature.dk\/index.php?rest_route=\/wp\/v2\/pages\/11\/revisions"}],"predecessor-version":[{"id":98,"href":"https:\/\/hairbynature.dk\/index.php?rest_route=\/wp\/v2\/pages\/11\/revisions\/98"}],"wp:attachment":[{"href":"https:\/\/hairbynature.dk\/index.php?rest_route=%2Fwp%2Fv2%2Fmedia&parent=11"}],"curies":[{"name":"wp","href":"https:\/\/api.w.org\/{rel}","templated":true}]}}